{"id":4327,"date":"2025-01-12T10:01:35","date_gmt":"2025-01-12T10:01:35","guid":{"rendered":"https:\/\/www.cafephotomarseille.org\/?page_id=4327"},"modified":"2026-01-25T15:17:37","modified_gmt":"2026-01-25T15:17:37","slug":"elementor-4327","status":"publish","type":"page","link":"https:\/\/www.cafephotomarseille.org\/?page_id=4327","title":{"rendered":"Nos RDV mensuels"},"content":{"rendered":"\t\t<div data-elementor-type=\"wp-page\" data-elementor-id=\"4327\" class=\"elementor elementor-4327\">\n\t\t\t\t\t\t<section class=\"elementor-section elementor-top-section elementor-element elementor-element-52e02772 elementor-section-content-top elementor-section-boxed elementor-section-height-default elementor-section-height-default\" data-id=\"52e02772\" data-element_type=\"section\">\n\t\t\t\t\t\t<div class=\"elementor-container elementor-column-gap-no\">\n\t\t\t\t\t<div class=\"elementor-column elementor-col-50 elementor-top-column elementor-element elementor-element-8d752b5\" data-id=\"8d752b5\" data-element_type=\"column\">\n\t\t\t<div class=\"elementor-widget-wrap elementor-element-populated\">\n\t\t\t\t\t\t<div class=\"elementor-element elementor-element-5218e8b4 elementor-widget elementor-widget-image\" data-id=\"5218e8b4\" data-element_type=\"widget\" data-widget_type=\"image.default\">\n\t\t\t\t<div class=\"elementor-widget-container\">\n\t\t\t\t\t\t\t\t\t\t\t\t\t\t\t<img fetchpriority=\"high\" decoding=\"async\" width=\"1599\" height=\"900\" src=\"https:\/\/www.cafephotomarseille.org\/wp-content\/uploads\/2023\/10\/385749126_10228927773754071_8880160547449225646_n.jpg\" class=\"attachment-full size-full wp-image-3826\" alt=\"\" srcset=\"https:\/\/www.cafephotomarseille.org\/wp-content\/uploads\/2023\/10\/385749126_10228927773754071_8880160547449225646_n.jpg 1599w, https:\/\/www.cafephotomarseille.org\/wp-content\/uploads\/2023\/10\/385749126_10228927773754071_8880160547449225646_n-288x162.jpg 288w, https:\/\/www.cafephotomarseille.org\/wp-content\/uploads\/2023\/10\/385749126_10228927773754071_8880160547449225646_n-494x278.jpg 494w, https:\/\/www.cafephotomarseille.org\/wp-content\/uploads\/2023\/10\/385749126_10228927773754071_8880160547449225646_n-768x432.jpg 768w, https:\/\/www.cafephotomarseille.org\/wp-content\/uploads\/2023\/10\/385749126_10228927773754071_8880160547449225646_n-1536x865.jpg 1536w, https:\/\/www.cafephotomarseille.org\/wp-content\/uploads\/2023\/10\/385749126_10228927773754071_8880160547449225646_n-600x338.jpg 600w, https:\/\/www.cafephotomarseille.org\/wp-content\/uploads\/2023\/10\/385749126_10228927773754071_8880160547449225646_n-1200x675.jpg 1200w\" sizes=\"100vw\" \/>\t\t\t\t\t\t\t\t\t\t\t\t\t\t\t<\/div>\n\t\t\t\t<\/div>\n\t\t\t\t<div class=\"elementor-element elementor-element-bddf779 elementor-widget elementor-widget-image\" data-id=\"bddf779\" data-element_type=\"widget\" data-widget_type=\"image.default\">\n\t\t\t\t<div class=\"elementor-widget-container\">\n\t\t\t\t\t\t\t\t\t\t\t\t\t\t\t<img decoding=\"async\" width=\"494\" height=\"371\" src=\"https:\/\/www.cafephotomarseille.org\/wp-content\/uploads\/2025\/01\/449337664_1077843797271475_1341997850073608822_n-494x371.jpg\" class=\"attachment-large size-large wp-image-4351\" alt=\"\" srcset=\"https:\/\/www.cafephotomarseille.org\/wp-content\/uploads\/2025\/01\/449337664_1077843797271475_1341997850073608822_n-494x371.jpg 494w, https:\/\/www.cafephotomarseille.org\/wp-content\/uploads\/2025\/01\/449337664_1077843797271475_1341997850073608822_n-288x216.jpg 288w, https:\/\/www.cafephotomarseille.org\/wp-content\/uploads\/2025\/01\/449337664_1077843797271475_1341997850073608822_n-768x576.jpg 768w, https:\/\/www.cafephotomarseille.org\/wp-content\/uploads\/2025\/01\/449337664_1077843797271475_1341997850073608822_n-1536x1152.jpg 1536w, https:\/\/www.cafephotomarseille.org\/wp-content\/uploads\/2025\/01\/449337664_1077843797271475_1341997850073608822_n-2000x1500.jpg 2000w, https:\/\/www.cafephotomarseille.org\/wp-content\/uploads\/2025\/01\/449337664_1077843797271475_1341997850073608822_n-600x450.jpg 600w, https:\/\/www.cafephotomarseille.org\/wp-content\/uploads\/2025\/01\/449337664_1077843797271475_1341997850073608822_n-1200x900.jpg 1200w, https:\/\/www.cafephotomarseille.org\/wp-content\/uploads\/2025\/01\/449337664_1077843797271475_1341997850073608822_n.jpg 2048w\" sizes=\"100vw\" \/>\t\t\t\t\t\t\t\t\t\t\t\t\t\t\t<\/div>\n\t\t\t\t<\/div>\n\t\t\t\t<div class=\"elementor-element elementor-element-0253c56 elementor-widget elementor-widget-image\" data-id=\"0253c56\" data-element_type=\"widget\" data-widget_type=\"image.default\">\n\t\t\t\t<div class=\"elementor-widget-container\">\n\t\t\t\t\t\t\t\t\t\t\t\t\t\t\t<img decoding=\"async\" width=\"494\" height=\"371\" src=\"https:\/\/www.cafephotomarseille.org\/wp-content\/uploads\/2025\/01\/423194291_10229546278096293_244992408180501461_n-494x371.jpg\" class=\"attachment-large size-large wp-image-4345\" alt=\"\" srcset=\"https:\/\/www.cafephotomarseille.org\/wp-content\/uploads\/2025\/01\/423194291_10229546278096293_244992408180501461_n-494x371.jpg 494w, https:\/\/www.cafephotomarseille.org\/wp-content\/uploads\/2025\/01\/423194291_10229546278096293_244992408180501461_n-288x216.jpg 288w, https:\/\/www.cafephotomarseille.org\/wp-content\/uploads\/2025\/01\/423194291_10229546278096293_244992408180501461_n-768x576.jpg 768w, https:\/\/www.cafephotomarseille.org\/wp-content\/uploads\/2025\/01\/423194291_10229546278096293_244992408180501461_n-1536x1152.jpg 1536w, https:\/\/www.cafephotomarseille.org\/wp-content\/uploads\/2025\/01\/423194291_10229546278096293_244992408180501461_n-2000x1500.jpg 2000w, https:\/\/www.cafephotomarseille.org\/wp-content\/uploads\/2025\/01\/423194291_10229546278096293_244992408180501461_n-600x450.jpg 600w, https:\/\/www.cafephotomarseille.org\/wp-content\/uploads\/2025\/01\/423194291_10229546278096293_244992408180501461_n-1200x900.jpg 1200w, https:\/\/www.cafephotomarseille.org\/wp-content\/uploads\/2025\/01\/423194291_10229546278096293_244992408180501461_n.jpg 2048w\" sizes=\"100vw\" \/>\t\t\t\t\t\t\t\t\t\t\t\t\t\t\t<\/div>\n\t\t\t\t<\/div>\n\t\t\t\t\t<\/div>\n\t\t<\/div>\n\t\t\t\t<div class=\"elementor-column elementor-col-50 elementor-top-column elementor-element elementor-element-51c0a35a\" data-id=\"51c0a35a\" data-element_type=\"column\">\n\t\t\t<div class=\"elementor-widget-wrap elementor-element-populated\">\n\t\t\t\t\t\t<div class=\"elementor-element elementor-element-3471f31 elementor-widget elementor-widget-heading\" data-id=\"3471f31\" data-element_type=\"widget\" data-widget_type=\"heading.default\">\n\t\t\t\t<div class=\"elementor-widget-container\">\n\t\t\t\t\t<h4 class=\"elementor-heading-title elementor-size-default\">Calendrier 2026<\/h4>\t\t\t\t<\/div>\n\t\t\t\t<\/div>\n\t\t\t\t<div class=\"elementor-element elementor-element-3a8379a4 elementor-widget elementor-widget-text-editor\" data-id=\"3a8379a4\" data-element_type=\"widget\" data-widget_type=\"text-editor.default\">\n\t\t\t\t<div class=\"elementor-widget-container\">\n\t\t\t\t\t\t\t\t\t<div class=\"elementor-element elementor-element-3bfc9eb elementor-widget-tablet__width-initial elementor-widget elementor-widget-heading\" data-id=\"3bfc9eb\" data-element_type=\"widget\" data-widget_type=\"heading.default\"><div class=\"elementor-widget-container\"><h4 class=\"elementor-heading-title elementor-size-default\"><span style=\"color: #000000;\">Chaque dernier samedi du mois, retrouvez-nous d\u00e8s 9h30 autour d\u2019un caf\u00e9 \u00e0 La Fabulerie, tiers-lieu culturel au centre de Marseille (m\u00e9tro Noailles). Les dates des RDV (pr\u00e9visionnels) pour 2026 sont :<\/span><\/h4><\/div><\/div><div class=\"elementor-element elementor-element-771e7ea elementor-widget elementor-widget-text-editor\" data-id=\"771e7ea\" data-element_type=\"widget\" data-widget_type=\"text-editor.default\"><div class=\"elementor-widget-container\"><ul><li><span style=\"color: #000000;\">Samedi 31 janvier 2026<\/span><\/li><li><span style=\"color: #000000;\">Samedi 28 f\u00e9vrier\u00a0<\/span><\/li><li><span style=\"color: #000000;\">Samedi 28 mars\u00a0<\/span><\/li><li><span style=\"color: #000000;\">Samedi 25 avril <\/span><\/li><li><span style=\"color: #000000;\">Samedi 30 mai\u00a0<\/span><\/li><li><span style=\"color: #000000;\">Samedi 27 juin<\/span><\/li><li><span style=\"color: #000000;\">Samedi 26 septembre<\/span><\/li><li><span style=\"color: #000000;\"><strong>PAS DE REUNION EN OCTOBRE \u00e0 la Fabulerie<\/strong> du fait d&rsquo;un CPM HORS LES MURS au Marseille 3013 dans le cadre de l&rsquo;exposition collective<\/span><\/li><li><span style=\"color: #000000;\">Samedi 28 novembre\u00a0<\/span><\/li><li><span style=\"color: #000000;\">Samedi 19 d\u00e9cembre 2026<\/span><\/li><\/ul><p><span style=\"color: #000000;\">Vous pouvez rejoindre les \u00e9v\u00e9nements cr\u00e9\u00e9s pour ces RDV sur FB en suivant notre page : <span style=\"text-decoration: underline;\"><strong><a style=\"color: #000000; text-decoration: underline;\" href=\"https:\/\/www.facebook.com\/CafePhotoMarseille\" target=\"_blank\" rel=\"noopener\">https:\/\/www.facebook.com\/CafePhotoMarseille<\/a><\/strong><\/span><\/span><\/p><\/div><\/div>\t\t\t\t\t\t\t\t<\/div>\n\t\t\t\t<\/div>\n\t\t\t\t<div class=\"elementor-element elementor-element-229bf16 elementor-widget elementor-widget-image\" data-id=\"229bf16\" data-element_type=\"widget\" data-widget_type=\"image.default\">\n\t\t\t\t<div class=\"elementor-widget-container\">\n\t\t\t\t\t\t\t\t\t\t\t\t\t\t\t<img loading=\"lazy\" decoding=\"async\" width=\"494\" height=\"329\" src=\"https:\/\/www.cafephotomarseille.org\/wp-content\/uploads\/2025\/01\/445821638_1057661392623049_3487723040829870700_n-494x329.jpg\" class=\"attachment-large size-large wp-image-4349\" alt=\"\" srcset=\"https:\/\/www.cafephotomarseille.org\/wp-content\/uploads\/2025\/01\/445821638_1057661392623049_3487723040829870700_n-494x329.jpg 494w, https:\/\/www.cafephotomarseille.org\/wp-content\/uploads\/2025\/01\/445821638_1057661392623049_3487723040829870700_n-288x192.jpg 288w, https:\/\/www.cafephotomarseille.org\/wp-content\/uploads\/2025\/01\/445821638_1057661392623049_3487723040829870700_n-768x512.jpg 768w, https:\/\/www.cafephotomarseille.org\/wp-content\/uploads\/2025\/01\/445821638_1057661392623049_3487723040829870700_n-1536x1024.jpg 1536w, https:\/\/www.cafephotomarseille.org\/wp-content\/uploads\/2025\/01\/445821638_1057661392623049_3487723040829870700_n-600x400.jpg 600w, https:\/\/www.cafephotomarseille.org\/wp-content\/uploads\/2025\/01\/445821638_1057661392623049_3487723040829870700_n-1200x800.jpg 1200w, https:\/\/www.cafephotomarseille.org\/wp-content\/uploads\/2025\/01\/445821638_1057661392623049_3487723040829870700_n.jpg 1772w\" sizes=\"100vw\" \/>\t\t\t\t\t\t\t\t\t\t\t\t\t\t\t<\/div>\n\t\t\t\t<\/div>\n\t\t\t\t\t<\/div>\n\t\t<\/div>\n\t\t\t\t\t<\/div>\n\t\t<\/section>\n\t\t\t\t<section class=\"elementor-section elementor-top-section elementor-element elementor-element-db32ac3 elementor-section-boxed elementor-section-height-default elementor-section-height-default\" data-id=\"db32ac3\" data-element_type=\"section\" data-settings=\"{&quot;background_background&quot;:&quot;gradient&quot;}\">\n\t\t\t\t\t\t<div class=\"elementor-container elementor-column-gap-default\">\n\t\t\t\t\t<div class=\"elementor-column elementor-col-33 elementor-top-column elementor-element elementor-element-c5318c9\" data-id=\"c5318c9\" data-element_type=\"column\">\n\t\t\t<div class=\"elementor-widget-wrap elementor-element-populated\">\n\t\t\t\t\t\t<div class=\"elementor-element elementor-element-2983cde elementor-align-center elementor-widget elementor-widget-button\" data-id=\"2983cde\" data-element_type=\"widget\" data-widget_type=\"button.default\">\n\t\t\t\t<div class=\"elementor-widget-container\">\n\t\t\t\t\t\t\t\t\t<div class=\"elementor-button-wrapper\">\n\t\t\t\t\t<a class=\"elementor-button elementor-button-link elementor-size-sm\" href=\"https:\/\/www.cafephotomarseille.org\/?page_id=2062\">\n\t\t\t\t\t\t<span class=\"elementor-button-content-wrapper\">\n\t\t\t\t\t\t<span class=\"elementor-button-icon\">\n\t\t\t\t<i aria-hidden=\"true\" class=\"far fa-edit\"><\/i>\t\t\t<\/span>\n\t\t\t\t\t\t\t\t\t<span class=\"elementor-button-text\">Pour adh\u00e9rer <\/span>\n\t\t\t\t\t<\/span>\n\t\t\t\t\t<\/a>\n\t\t\t\t<\/div>\n\t\t\t\t\t\t\t\t<\/div>\n\t\t\t\t<\/div>\n\t\t\t\t\t<\/div>\n\t\t<\/div>\n\t\t\t\t<div class=\"elementor-column elementor-col-33 elementor-top-column elementor-element elementor-element-e6382b5\" data-id=\"e6382b5\" data-element_type=\"column\">\n\t\t\t<div class=\"elementor-widget-wrap elementor-element-populated\">\n\t\t\t\t\t\t<div class=\"elementor-element elementor-element-f64a7dc elementor-align-center elementor-widget elementor-widget-button\" data-id=\"f64a7dc\" data-element_type=\"widget\" data-widget_type=\"button.default\">\n\t\t\t\t<div class=\"elementor-widget-container\">\n\t\t\t\t\t\t\t\t\t<div class=\"elementor-button-wrapper\">\n\t\t\t\t\t<a class=\"elementor-button elementor-button-link elementor-size-sm\" href=\"https:\/\/www.cafephotomarseille.org\/?page_id=1628\">\n\t\t\t\t\t\t<span class=\"elementor-button-content-wrapper\">\n\t\t\t\t\t\t<span class=\"elementor-button-icon\">\n\t\t\t\t<i aria-hidden=\"true\" class=\"far fa-bookmark\"><\/i>\t\t\t<\/span>\n\t\t\t\t\t\t\t\t\t<span class=\"elementor-button-text\">Infos pratiques<\/span>\n\t\t\t\t\t<\/span>\n\t\t\t\t\t<\/a>\n\t\t\t\t<\/div>\n\t\t\t\t\t\t\t\t<\/div>\n\t\t\t\t<\/div>\n\t\t\t\t\t<\/div>\n\t\t<\/div>\n\t\t\t\t<div class=\"elementor-column elementor-col-33 elementor-top-column elementor-element elementor-element-479098d\" data-id=\"479098d\" data-element_type=\"column\">\n\t\t\t<div class=\"elementor-widget-wrap elementor-element-populated\">\n\t\t\t\t\t\t<div class=\"elementor-element elementor-element-3beceb2 elementor-align-center elementor-widget elementor-widget-button\" data-id=\"3beceb2\" data-element_type=\"widget\" data-widget_type=\"button.default\">\n\t\t\t\t<div class=\"elementor-widget-container\">\n\t\t\t\t\t\t\t\t\t<div class=\"elementor-button-wrapper\">\n\t\t\t\t\t<a class=\"elementor-button elementor-button-link elementor-size-sm\" href=\"https:\/\/www.cafephotomarseille.org\/?page_id=686\">\n\t\t\t\t\t\t<span class=\"elementor-button-content-wrapper\">\n\t\t\t\t\t\t<span class=\"elementor-button-icon\">\n\t\t\t\t<i aria-hidden=\"true\" class=\"far fa-comment-dots\"><\/i>\t\t\t<\/span>\n\t\t\t\t\t\t\t\t\t<span class=\"elementor-button-text\">A propos<\/span>\n\t\t\t\t\t<\/span>\n\t\t\t\t\t<\/a>\n\t\t\t\t<\/div>\n\t\t\t\t\t\t\t\t<\/div>\n\t\t\t\t<\/div>\n\t\t\t\t\t<\/div>\n\t\t<\/div>\n\t\t\t\t\t<\/div>\n\t\t<\/section>\n\t\t\t\t<section class=\"elementor-section elementor-top-section elementor-element elementor-element-3846680 elementor-section-boxed elementor-section-height-default elementor-section-height-default\" data-id=\"3846680\" data-element_type=\"section\">\n\t\t\t\t\t\t<div class=\"elementor-container elementor-column-gap-default\">\n\t\t\t\t\t<div class=\"elementor-column elementor-col-100 elementor-top-column elementor-element elementor-element-9da5f9e\" data-id=\"9da5f9e\" data-element_type=\"column\">\n\t\t\t<div class=\"elementor-widget-wrap elementor-element-populated\">\n\t\t\t\t\t\t<div class=\"elementor-element elementor-element-3cc22db elementor-widget elementor-widget-spacer\" data-id=\"3cc22db\" data-element_type=\"widget\" data-widget_type=\"spacer.default\">\n\t\t\t\t<div class=\"elementor-widget-container\">\n\t\t\t\t\t\t\t<div class=\"elementor-spacer\">\n\t\t\t<div class=\"elementor-spacer-inner\"><\/div>\n\t\t<\/div>\n\t\t\t\t\t\t<\/div>\n\t\t\t\t<\/div>\n\t\t\t\t<div class=\"elementor-element elementor-element-c85c5c8 elementor-widget elementor-widget-image\" data-id=\"c85c5c8\" data-element_type=\"widget\" data-widget_type=\"image.default\">\n\t\t\t\t<div class=\"elementor-widget-container\">\n\t\t\t\t\t\t\t\t\t\t\t\t\t\t\t<img loading=\"lazy\" decoding=\"async\" width=\"494\" height=\"135\" src=\"https:\/\/www.cafephotomarseille.org\/wp-content\/uploads\/2022\/11\/LF_H_Bleufond_CMJN-1-494x135.png\" class=\"attachment-large size-large wp-image-3363\" alt=\"\" srcset=\"https:\/\/www.cafephotomarseille.org\/wp-content\/uploads\/2022\/11\/LF_H_Bleufond_CMJN-1-494x135.png 494w, https:\/\/www.cafephotomarseille.org\/wp-content\/uploads\/2022\/11\/LF_H_Bleufond_CMJN-1-288x79.png 288w, https:\/\/www.cafephotomarseille.org\/wp-content\/uploads\/2022\/11\/LF_H_Bleufond_CMJN-1-768x209.png 768w, https:\/\/www.cafephotomarseille.org\/wp-content\/uploads\/2022\/11\/LF_H_Bleufond_CMJN-1-950x262.png 950w, https:\/\/www.cafephotomarseille.org\/wp-content\/uploads\/2022\/11\/LF_H_Bleufond_CMJN-1-600x164.png 600w, https:\/\/www.cafephotomarseille.org\/wp-content\/uploads\/2022\/11\/LF_H_Bleufond_CMJN-1.png 961w\" sizes=\"100vw\" \/>\t\t\t\t\t\t\t\t\t\t\t\t\t\t\t<\/div>\n\t\t\t\t<\/div>\n\t\t\t\t<div class=\"elementor-element elementor-element-64510f2 elementor-widget elementor-widget-google_maps\" data-id=\"64510f2\" data-element_type=\"widget\" data-widget_type=\"google_maps.default\">\n\t\t\t\t<div class=\"elementor-widget-container\">\n\t\t\t\t\t\t\t<div class=\"elementor-custom-embed\">\n\t\t\t<iframe loading=\"lazy\"\n\t\t\t\t\tsrc=\"https:\/\/maps.google.com\/maps?q=10%20Boulevard%20Garibaldi%20Marseille&#038;t=m&#038;z=17&#038;output=embed&#038;iwloc=near\"\n\t\t\t\t\ttitle=\"10 Boulevard Garibaldi Marseille\"\n\t\t\t\t\taria-label=\"10 Boulevard Garibaldi Marseille\"\n\t\t\t><\/iframe>\n\t\t<\/div>\n\t\t\t\t\t\t<\/div>\n\t\t\t\t<\/div>\n\t\t\t\t\t<\/div>\n\t\t<\/div>\n\t\t\t\t\t<\/div>\n\t\t<\/section>\n\t\t\t\t<section class=\"elementor-section elementor-top-section elementor-element elementor-element-d1049b5 elementor-section-boxed elementor-section-height-default elementor-section-height-default\" data-id=\"d1049b5\" data-element_type=\"section\">\n\t\t\t\t\t\t<div class=\"elementor-container elementor-column-gap-default\">\n\t\t\t\t\t<div class=\"elementor-column elementor-col-100 elementor-top-column elementor-element elementor-element-f75a40e\" data-id=\"f75a40e\" data-element_type=\"column\">\n\t\t\t<div class=\"elementor-widget-wrap elementor-element-populated\">\n\t\t\t\t\t\t<div class=\"elementor-element elementor-element-1454b17 elementor-widget elementor-widget-spacer\" data-id=\"1454b17\" data-element_type=\"widget\" data-widget_type=\"spacer.default\">\n\t\t\t\t<div class=\"elementor-widget-container\">\n\t\t\t\t\t\t\t<div class=\"elementor-spacer\">\n\t\t\t<div class=\"elementor-spacer-inner\"><\/div>\n\t\t<\/div>\n\t\t\t\t\t\t<\/div>\n\t\t\t\t<\/div>\n\t\t\t\t\t<\/div>\n\t\t<\/div>\n\t\t\t\t\t<\/div>\n\t\t<\/section>\n\t\t\t\t<\/div>\n\t\t","protected":false},"excerpt":{"rendered":"<p>Calendrier 2026 Chaque dernier samedi du mois, retrouvez-nous d\u00e8s 9h30 autour d\u2019un caf\u00e9 \u00e0 La Fabulerie, tiers-lieu culturel au centre de Marseille (m\u00e9tro Noailles). Les dates des RDV (pr\u00e9visionnels) pour 2026 sont : Samedi 31 janvier 2026 Samedi 28 f\u00e9vrier\u00a0 Samedi 28 mars\u00a0 Samedi 25 avril Samedi 30 mai\u00a0 Samedi 27 juin Samedi 26 septembre &hellip; <\/p>\n<p class=\"link-more\"><a href=\"https:\/\/www.cafephotomarseille.org\/?page_id=4327\" class=\"more-link\">Lire la suite de<span class=\"screen-reader-text\">\u00ab\u00a0Nos RDV mensuels\u00a0\u00bb<\/span><\/a><\/p>\n","protected":false},"author":1,"featured_media":0,"parent":0,"menu_order":0,"comment_status":"closed","ping_status":"closed","template":"","meta":{"footnotes":""},"class_list":["post-4327","page","type-page","status-publish","hentry"],"featured_media_urls":[],"_links":{"self":[{"href":"https:\/\/www.cafephotomarseille.org\/index.php?rest_route=\/wp\/v2\/pages\/4327","targetHints":{"allow":["GET"]}}],"collection":[{"href":"https:\/\/www.cafephotomarseille.org\/index.php?rest_route=\/wp\/v2\/pages"}],"about":[{"href":"https:\/\/www.cafephotomarseille.org\/index.php?rest_route=\/wp\/v2\/types\/page"}],"author":[{"embeddable":true,"href":"https:\/\/www.cafephotomarseille.org\/index.php?rest_route=\/wp\/v2\/users\/1"}],"replies":[{"embeddable":true,"href":"https:\/\/www.cafephotomarseille.org\/index.php?rest_route=%2Fwp%2Fv2%2Fcomments&post=4327"}],"version-history":[{"count":41,"href":"https:\/\/www.cafephotomarseille.org\/index.php?rest_route=\/wp\/v2\/pages\/4327\/revisions"}],"predecessor-version":[{"id":4639,"href":"https:\/\/www.cafephotomarseille.org\/index.php?rest_route=\/wp\/v2\/pages\/4327\/revisions\/4639"}],"wp:attachment":[{"href":"https:\/\/www.cafephotomarseille.org\/index.php?rest_route=%2Fwp%2Fv2%2Fmedia&parent=4327"}],"curies":[{"name":"wp","href":"https:\/\/api.w.org\/{rel}","templated":true}]}}