{"id":2062,"date":"2013-04-24T07:32:51","date_gmt":"2013-04-24T07:32:51","guid":{"rendered":"http:\/\/www.cafephotomarseille.org\/?page_id=2062"},"modified":"2026-01-25T15:32:17","modified_gmt":"2026-01-25T15:32:17","slug":"adherer","status":"publish","type":"page","link":"https:\/\/www.cafephotomarseille.org\/?page_id=2062","title":{"rendered":"Adh\u00e9rer"},"content":{"rendered":"\t\t<div data-elementor-type=\"wp-page\" data-elementor-id=\"2062\" class=\"elementor elementor-2062\">\n\t\t\t\t\t\t<section class=\"elementor-section elementor-top-section elementor-element elementor-element-1dca6c05 elementor-section-boxed elementor-section-height-default elementor-section-height-default\" data-id=\"1dca6c05\" data-element_type=\"section\">\n\t\t\t\t\t\t<div class=\"elementor-container elementor-column-gap-default\">\n\t\t\t\t\t<div class=\"elementor-column elementor-col-100 elementor-top-column elementor-element elementor-element-17e7e57d\" data-id=\"17e7e57d\" data-element_type=\"column\">\n\t\t\t<div class=\"elementor-widget-wrap elementor-element-populated\">\n\t\t\t\t\t\t<div class=\"elementor-element elementor-element-15923b1d elementor-widget elementor-widget-text-editor\" data-id=\"15923b1d\" data-element_type=\"widget\" data-widget_type=\"text-editor.default\">\n\t\t\t\t<div class=\"elementor-widget-container\">\n\t\t\t\t\t\t\t\t\t<p><span style=\"color: #000000;\"><strong>Les adh\u00e9sions pour l&rsquo;ann\u00e9e 2026 sont ouvertes !<\/strong><\/span><\/p>\n<h3><strong><span style=\"color: #000000;\">TARIFS D&rsquo;ADHESION 2026<\/span><\/strong><\/h3>\n<ul>\n<li><span style=\"color: #ff0000;\"><strong><span style=\"color: #ff0000;\">Pour une primo-adh\u00e9sion : <\/span><span style=\"color: #000000;\"><span style=\"color: #ff0000;\">20 \u20ac<\/span> au titre de l&rsquo;adh\u00e9sion 2025<\/span><\/strong><\/span>\u00a0 <span style=\"color: #000000;\"><strong><span style=\"color: #ff0000;\">+ 10\u20ac<\/span> de droits d&rsquo;entr\u00e9e<\/strong><\/span> <span style=\"color: #000000;\">(valables \u00e0 vie, 1 seul paiement) <span style=\"color: #ff0000;\"><strong>= 30\u20ac<\/strong><\/span><\/span><\/li>\n<li><span style=\"color: #ff0000;\"><strong>Pour un renouvellement d&rsquo;adh\u00e9sion <\/strong><span style=\"color: #000000;\">(droits d&rsquo;entr\u00e9e d\u00e9j\u00e0 r\u00e9gl\u00e9s)<\/span><strong> = 20\u20ac\u00a0<\/strong><\/span><span style=\"color: #ff0000;\"><strong><span style=\"color: #000000;\">au titre de l&rsquo;adh\u00e9sion 2026<\/span><\/strong><\/span>\u00a0<\/li>\n<\/ul>\n<p><span style=\"color: #000000;\">Votre carte d&rsquo;adh\u00e9rent pour la saison 2026 est faite <strong>uniquement sur demande <\/strong>pour des questions d&rsquo;\u00e9conomies. Ces cartes sont remises en mains propres lors d&rsquo;un rdv mensuel et non envoy\u00e9es par la Poste, sauf exception.\u00a0<\/span><\/p>\n<hr \/>\n<p><!-- \/wp:quote --><!-- wp:paragraph --><\/p>\n<h3><span style=\"color: #ff0000;\"><strong><span style=\"color: #ff0000;\">Pour devenir adh\u00e9rent(e) \u00e0 l&rsquo;association CPM pour 2025 (du 1er janvier au 31 d\u00e9cembre), 2 possibilit\u00e9s :<\/span><br \/><\/strong><\/span><\/h3>\n<h4><span style=\"color: #000000;\"><strong>1\/ FORMULAIRE DEMATERIALISE avec PAIEMENT PAR VIREMENT<\/strong><\/span><\/h4>\n<p><span style=\"color: #000000;\">Vous pouvez t\u00e9l\u00e9charger le formulaire de demande d&rsquo;adh\u00e9sion en version word, \u00a0vous le remplissez depuis votre ordinateur, tablette ou votre smartphone et vous nous le retournez par mail \u00e0 <strong><span style=\"text-decoration: underline;\">cafephotomarseille@gmail.com<\/span><\/strong><\/span><\/p>\n<p><span style=\"color: #ff0000;\"><strong><img decoding=\"async\" class=\"wp-image-4440 alignleft\" src=\"https:\/\/www.cafephotomarseille.org\/wp-content\/uploads\/2025\/01\/word_888883-288x288.png\" alt=\"\" width=\"35\" height=\"35\" srcset=\"https:\/\/www.cafephotomarseille.org\/wp-content\/uploads\/2025\/01\/word_888883-288x288.png 288w, https:\/\/www.cafephotomarseille.org\/wp-content\/uploads\/2025\/01\/word_888883-494x494.png 494w, https:\/\/www.cafephotomarseille.org\/wp-content\/uploads\/2025\/01\/word_888883-290x290.png 290w, https:\/\/www.cafephotomarseille.org\/wp-content\/uploads\/2025\/01\/word_888883.png 512w\" sizes=\"(max-width: 35px) 100vw, 35px\" \/><span style=\"text-decoration: underline;\"><a href=\"https:\/\/www.cafephotomarseille.org\/wp-content\/uploads\/2026\/01\/FORMULAIRE-ADHESION-2026.doc\"><span style=\"color: #ff0000; text-decoration: underline;\">Formulaire word \u00e0 remplir et \u00e0 renvoyer par mail<\/span><\/a><\/span><\/strong><\/span><\/p>\n<p><span style=\"color: #000000;\">Pour le paiement, il se fait par virement en pensant \u00e0 mettre en commentaire votre nom et \u00ab\u00a0adh\u00e9sion\u00a0\u00bb\u00a0<\/span><\/p>\n<p><strong><a href=\"https:\/\/www.cafephotomarseille.org\/wp-content\/uploads\/2023\/10\/RIB-Association-CAFE-PHOTO-MARSEILLE-CPM-1.pdf\" target=\"_blank\" rel=\"noopener\"><img decoding=\"async\" class=\"alignleft\" src=\"https:\/\/www.cafephotomarseille.org\/wp-content\/uploads\/2013\/04\/icone_pdf.png\" alt=\"icone_pdf\" \/><span style=\"text-decoration: underline;\"><span style=\"color: #ff0000; text-decoration: underline;\">IBAN du Caf\u00e9 Photo Marseille<\/span><\/span><\/a><\/strong><\/p>\n<p>\u00a0<\/p>\n<p>\u00a0<\/p>\n<h4><span style=\"caret-color: #000000; color: #000000; font-family: var( --e-global-typography-text-font-family ), Sans-serif;\"><strong>2\/ FORMULAIRE PAPIER \/ TOUS PAIEMENTS<\/strong> (ch\u00e8que, esp\u00e8ces, IBAN)<\/span><\/h4>\n<p><span style=\"color: #000000;\"><strong>Vous t\u00e9l\u00e9chargez le formulaire PAPIER \u00e0 remplir de mani\u00e8re manuscrite (et lisible).<\/strong><\/span><\/p>\n<p><span style=\"color: #ff0000;\"><strong><img decoding=\"async\" class=\"wp-image-4440 alignleft\" src=\"https:\/\/www.cafephotomarseille.org\/wp-content\/uploads\/2025\/01\/word_888883-288x288.png\" alt=\"\" width=\"35\" height=\"35\" srcset=\"https:\/\/www.cafephotomarseille.org\/wp-content\/uploads\/2025\/01\/word_888883-288x288.png 288w, https:\/\/www.cafephotomarseille.org\/wp-content\/uploads\/2025\/01\/word_888883-494x494.png 494w, https:\/\/www.cafephotomarseille.org\/wp-content\/uploads\/2025\/01\/word_888883-290x290.png 290w, https:\/\/www.cafephotomarseille.org\/wp-content\/uploads\/2025\/01\/word_888883.png 512w\" sizes=\"(max-width: 35px) 100vw, 35px\" \/><span style=\"color: #ff0000;\"><a style=\"color: #ff0000;\" href=\"https:\/\/www.cafephotomarseille.org\/wp-content\/uploads\/2026\/01\/FORMULAIRE-ADHESION-2026.doc\"><span style=\"text-decoration: underline;\">Formulaire word \u00e0 remplir<\/span> <\/a>et \u00e0 renvoyer ou \u00e0 nous d\u00e9poser lors d&rsquo;un des RDV Caf\u00e9 photo du samedi matin.<\/span><\/strong><\/span><\/p>\n<p><strong><span style=\"color: #000000;\">Pour toutes questions, vous pouvez rencontrer notre tr\u00e9sori\u00e8re Marino CORDESSE lors des RDV mensuels.<\/span><\/strong><\/p>\n<p><span style=\"color: #000000;\">Si vous ne pouvez \u00eatre pr\u00e9sent au RDV mensuel, vous pouvez envoyer votre adh\u00e9sion par la Poste au si\u00e8ge social de l&rsquo;association :<\/span><\/p>\n<p><strong><span style=\"color: #000000;\">Caf\u00e9 Photo Marseille (CPM)<br \/>A l&rsquo;attention de la Pr\u00e9sidente Sophie GOTTI<br \/>41 boulevard de la Comtesse<br \/>13012 MARSEILLE<\/span><\/strong><\/p>\n<p><span style=\"color: #000000;\">Le formulaire doit \u00eatre\u00a0accompagn\u00e9 de votre r\u00e8glement par <span style=\"text-decoration: underline;\"><strong>ch\u00e8que libell\u00e9 \u00e0 l&rsquo;ordre de l&rsquo;association Caf\u00e9 photo Marseille<\/strong>\u00a0<\/span><\/span><\/p>\n<p><!-- \/wp:paragraph --><!-- wp:image {\"align\":\"left\",\"id\":2074,\"linkDestination\":\"custom\"} --><\/p>\n<p><strong><mark style=\"background-color: rgba(0, 0, 0, 0); color: #ff0000;\">Mais avant d&rsquo;adh\u00e9rer, venez nous rencontrer !<\/mark><mark style=\"background-color: rgba(0, 0, 0, 0);\"> <\/mark><span style=\"color: #000000;\">Le statut de \u00ab\u00a0sympathisant\u00a0\u00bb<\/span><\/strong><span style=\"color: #000000;\">\u00a0vous permet d&rsquo;assister \u00e0 nos rendez-vous mensuels sans aucune adh\u00e9sion, seule une participation libre \u00e0 la caisse du CPM lors des rdv mensuels pour les frais de caf\u00e9 ! Par contre\u00a0<strong>vous ne b\u00e9n\u00e9ficiez d&rsquo;aucun des avantages r\u00e9serv\u00e9s aux adh\u00e9rents pour participer aux expositions collectives et \u00e0 certaines activit\u00e9s de l&rsquo;association (festivit\u00e9s).<\/strong><\/span><\/p>\n<p><!-- \/wp:paragraph --><!-- wp:paragraph --><\/p>\n<p><span style=\"color: #000000;\">Les statuts sont\u00a0fournis sur simple demande adress\u00e9e au secr\u00e9tariat :\u00a0<span style=\"text-decoration: underline;\"><strong>cafephotomarseille[at]gmail.com<\/strong><\/span><\/span><\/p>\n<h3><span style=\"color: #000000;\"><strong>Vous pensez avoir r\u00e9adh\u00e9r\u00e9 mais vous avez un doute ?<\/strong> <\/span><\/h3>\n<p><span style=\"color: #000000;\">Contactez-nous par mail ! On vous confirmera votre statut pour 2025.<\/span><\/p>\n<p><!-- \/wp:html --><\/p>\t\t\t\t\t\t\t\t<\/div>\n\t\t\t\t<\/div>\n\t\t\t\t<div class=\"elementor-element elementor-element-1fe0c18 elementor-align-center elementor-widget elementor-widget-button\" data-id=\"1fe0c18\" data-element_type=\"widget\" data-widget_type=\"button.default\">\n\t\t\t\t<div class=\"elementor-widget-container\">\n\t\t\t\t\t\t\t\t\t<div class=\"elementor-button-wrapper\">\n\t\t\t\t\t<a class=\"elementor-button elementor-button-link elementor-size-sm\" href=\"https:\/\/www.cafephotomarseille.org\/?page_id=4327\">\n\t\t\t\t\t\t<span class=\"elementor-button-content-wrapper\">\n\t\t\t\t\t\t<span class=\"elementor-button-icon\">\n\t\t\t\t<i aria-hidden=\"true\" class=\"far fa-calendar-alt\"><\/i>\t\t\t<\/span>\n\t\t\t\t\t\t\t\t\t<span class=\"elementor-button-text\">Consultez le calendrier des RDV mensuels ann\u00e9e 2026<\/span>\n\t\t\t\t\t<\/span>\n\t\t\t\t\t<\/a>\n\t\t\t\t<\/div>\n\t\t\t\t\t\t\t\t<\/div>\n\t\t\t\t<\/div>\n\t\t\t\t<div class=\"elementor-element elementor-element-f6aca00 elementor-widget elementor-widget-spacer\" data-id=\"f6aca00\" data-element_type=\"widget\" data-widget_type=\"spacer.default\">\n\t\t\t\t<div class=\"elementor-widget-container\">\n\t\t\t\t\t\t\t<div class=\"elementor-spacer\">\n\t\t\t<div class=\"elementor-spacer-inner\"><\/div>\n\t\t<\/div>\n\t\t\t\t\t\t<\/div>\n\t\t\t\t<\/div>\n\t\t\t\t\t<\/div>\n\t\t<\/div>\n\t\t\t\t\t<\/div>\n\t\t<\/section>\n\t\t\t\t<\/div>\n\t\t","protected":false},"excerpt":{"rendered":"<p>Les adh\u00e9sions pour l&rsquo;ann\u00e9e 2026 sont ouvertes ! TARIFS D&rsquo;ADHESION 2026 Pour une primo-adh\u00e9sion : 20 \u20ac au titre de l&rsquo;adh\u00e9sion 2025\u00a0 + 10\u20ac de droits d&rsquo;entr\u00e9e (valables \u00e0 vie, 1 seul paiement) = 30\u20ac Pour un renouvellement d&rsquo;adh\u00e9sion (droits d&rsquo;entr\u00e9e d\u00e9j\u00e0 r\u00e9gl\u00e9s) = 20\u20ac\u00a0au titre de l&rsquo;adh\u00e9sion 2026\u00a0 Votre carte d&rsquo;adh\u00e9rent pour la saison &hellip; <\/p>\n<p class=\"link-more\"><a href=\"https:\/\/www.cafephotomarseille.org\/?page_id=2062\" class=\"more-link\">Lire la suite de<span class=\"screen-reader-text\">\u00ab\u00a0Adh\u00e9rer\u00a0\u00bb<\/span><\/a><\/p>\n","protected":false},"author":1,"featured_media":0,"parent":0,"menu_order":0,"comment_status":"closed","ping_status":"closed","template":"","meta":{"footnotes":""},"class_list":["post-2062","page","type-page","status-publish","hentry"],"featured_media_urls":[],"_links":{"self":[{"href":"https:\/\/www.cafephotomarseille.org\/index.php?rest_route=\/wp\/v2\/pages\/2062","targetHints":{"allow":["GET"]}}],"collection":[{"href":"https:\/\/www.cafephotomarseille.org\/index.php?rest_route=\/wp\/v2\/pages"}],"about":[{"href":"https:\/\/www.cafephotomarseille.org\/index.php?rest_route=\/wp\/v2\/types\/page"}],"author":[{"embeddable":true,"href":"https:\/\/www.cafephotomarseille.org\/index.php?rest_route=\/wp\/v2\/users\/1"}],"replies":[{"embeddable":true,"href":"https:\/\/www.cafephotomarseille.org\/index.php?rest_route=%2Fwp%2Fv2%2Fcomments&post=2062"}],"version-history":[{"count":102,"href":"https:\/\/www.cafephotomarseille.org\/index.php?rest_route=\/wp\/v2\/pages\/2062\/revisions"}],"predecessor-version":[{"id":4654,"href":"https:\/\/www.cafephotomarseille.org\/index.php?rest_route=\/wp\/v2\/pages\/2062\/revisions\/4654"}],"wp:attachment":[{"href":"https:\/\/www.cafephotomarseille.org\/index.php?rest_route=%2Fwp%2Fv2%2Fmedia&parent=2062"}],"curies":[{"name":"wp","href":"https:\/\/api.w.org\/{rel}","templated":true}]}}